{"id":2611,"date":"2025-10-28T10:11:41","date_gmt":"2025-10-28T14:11:41","guid":{"rendered":"https:\/\/mindo.gob.ec\/pichincha\/?page_id=2611"},"modified":"2026-03-03T17:17:16","modified_gmt":"2026-03-03T21:17:16","slug":"mision-vision-objetivos","status":"publish","type":"page","link":"https:\/\/mindo.gob.ec\/pichincha\/mision-vision-objetivos\/","title":{"rendered":"Misi\u00f3n Visi\u00f3n Objetivos"},"content":{"rendered":"<div class=\"entry-main\">\n<div class=\"entry-content\">\n<h2><strong>Visi\u00f3n<\/strong><\/h2>\n<\/div>\n<\/div>\n<div class=\"entry-main\">\n<div class=\"entry-content\">\n<p>Al 2030, el Gobierno Aut\u00f3nomo Descentralizado de la Parroquia Rural de Mindo, ser\u00e1 un territorio fortalecido en sus condiciones de desarrollo tur\u00edstico, artesanal productivo, seguro y resiliente y sostenible; con pol\u00edticas integradoras y custodios de nuestro bosque nublado y sus \u00e1reas naturales protegidas, donde todos los habitantes disfrutan de dignidad, igualdad e inclusi\u00f3n, prosperidad compartida y estabilidad social en armon\u00eda con el ambiente.<\/p>\n<p><a href=\"https:\/\/mindo.gob.ec\/pichincha\/wp-content\/uploads\/2026\/03\/IMG_9230-Mejorado-NR.jpg\"><img loading=\"lazy\" decoding=\"async\" class=\"aligncenter wp-image-2729 size-full\" src=\"https:\/\/mindo.gob.ec\/pichincha\/wp-content\/uploads\/2026\/03\/IMG_9230-Mejorado-NR.jpg\" alt=\"\" width=\"1620\" height=\"1080\" srcset=\"https:\/\/mindo.gob.ec\/pichincha\/wp-content\/uploads\/2026\/03\/IMG_9230-Mejorado-NR.jpg 1620w, https:\/\/mindo.gob.ec\/pichincha\/wp-content\/uploads\/2026\/03\/IMG_9230-Mejorado-NR-550x367.jpg 550w, https:\/\/mindo.gob.ec\/pichincha\/wp-content\/uploads\/2026\/03\/IMG_9230-Mejorado-NR-1024x683.jpg 1024w, https:\/\/mindo.gob.ec\/pichincha\/wp-content\/uploads\/2026\/03\/IMG_9230-Mejorado-NR-768x512.jpg 768w, https:\/\/mindo.gob.ec\/pichincha\/wp-content\/uploads\/2026\/03\/IMG_9230-Mejorado-NR-1536x1024.jpg 1536w, https:\/\/mindo.gob.ec\/pichincha\/wp-content\/uploads\/2026\/03\/IMG_9230-Mejorado-NR-272x182.jpg 272w\" sizes=\"auto, (max-width: 1620px) 100vw, 1620px\" \/><\/a><\/p>\n<div class=\"elementor-element elementor-element-e54b196 elementor-widget elementor-widget-image\" data-id=\"e54b196\" data-element_type=\"widget\" data-settings=\"{&quot;ekit_we_effect_on&quot;:&quot;none&quot;}\" data-widget_type=\"image.default\">\n<h2><strong>Misi\u00f3n<\/strong><\/h2>\n<p style=\"text-align: left;\">El Gobierno Aut\u00f3nomo Descentralizado Parroquial Rural de Mindo, es una entidad de servicio p\u00fablico que contribuye al desarrollo sustentable y sostenible de la parroquia, con capacidades t\u00e9cnicas, administrativas y de gesti\u00f3n social solidaria y participativa, para fortalecer y mejorar las condiciones de la calidad de vida de la ciudadan\u00eda Minde\u00f1a y que promueve el desarrollo de turismo, la cultura, el deporte, la producci\u00f3n agropecuaria, las artesan\u00edas, el embellecimiento de la parroquia, y la pr\u00e1ctica de valores, e identidad parroquial con el acompa\u00f1amiento y participaci\u00f3n de la ciudadan\u00eda.<\/p>\n<p><a href=\"https:\/\/mindo.gob.ec\/pichincha\/wp-content\/uploads\/2026\/03\/MG_5966-Mejorado-NR-scaled.jpg\"><img loading=\"lazy\" decoding=\"async\" class=\"aligncenter wp-image-2730 size-full\" src=\"https:\/\/mindo.gob.ec\/pichincha\/wp-content\/uploads\/2026\/03\/MG_5966-Mejorado-NR-scaled.jpg\" alt=\"\" width=\"2560\" height=\"1707\" srcset=\"https:\/\/mindo.gob.ec\/pichincha\/wp-content\/uploads\/2026\/03\/MG_5966-Mejorado-NR-scaled.jpg 2560w, https:\/\/mindo.gob.ec\/pichincha\/wp-content\/uploads\/2026\/03\/MG_5966-Mejorado-NR-550x367.jpg 550w, https:\/\/mindo.gob.ec\/pichincha\/wp-content\/uploads\/2026\/03\/MG_5966-Mejorado-NR-1024x683.jpg 1024w, https:\/\/mindo.gob.ec\/pichincha\/wp-content\/uploads\/2026\/03\/MG_5966-Mejorado-NR-768x512.jpg 768w, https:\/\/mindo.gob.ec\/pichincha\/wp-content\/uploads\/2026\/03\/MG_5966-Mejorado-NR-1536x1024.jpg 1536w, https:\/\/mindo.gob.ec\/pichincha\/wp-content\/uploads\/2026\/03\/MG_5966-Mejorado-NR-2048x1365.jpg 2048w, https:\/\/mindo.gob.ec\/pichincha\/wp-content\/uploads\/2026\/03\/MG_5966-Mejorado-NR-272x182.jpg 272w\" sizes=\"auto, (max-width: 2560px) 100vw, 2560px\" \/><\/a><\/p>\n<h2 class=\"elementor-heading-title elementor-size-default\"><strong>Objetivos<\/strong><\/h2>\n<p><strong>OBJETIVO \u2013 PROPOSITO<\/strong><\/p>\n<p>Consolidar a Mindo como un destino tur\u00edstico mediante la implementaci\u00f3n de un modelo gesti\u00f3n integral, basado en los objetivos del desarrollo sostenible.<\/p>\n<p><strong>OBJETIVOS ESTRAT\u00c9GICOS<\/strong><\/p>\n<ol>\n<li>Incrementar la conciencia ambiental y remediaci\u00f3n de recursos naturales para contribuir en la integraci\u00f3n arm\u00f3nica entre los habitantes y el ecosistema.<\/li>\n<li>Dinamizar las capacidades como habilidades individuales y colectivas de la poblaci\u00f3n, las cuales mejoraran su calidad de vida, consecuentemente al acceso de servicios sociales arraigados a espacios seguros.<\/li>\n<li>Reactivar la econom\u00eda de la parroquia, fomentando la inversi\u00f3n, innovaci\u00f3n, la calidad, el empleo y el emprendimiento en las principales actividades productivas<\/li>\n<li>Lograr un desarrollo ordenado y sostenible de territorio, mediante el control y la conciencia ciudadana.<\/li>\n<li>Mejorar la provisi\u00f3n de servicios b\u00e1sicos de la parroquia, el equipamiento accesible, la energ\u00eda y conectividad.<\/li>\n<li>Fortalecer el accionar institucional mediante la implementaci\u00f3n de un sistema de gesti\u00f3n participativo incluyente.<\/li>\n<\/ol>\n<\/div>\n<\/div>\n<div class=\"elementor-widget-containe\"><a href=\"https:\/\/mindo.gob.ec\/pichincha\/wp-content\/uploads\/2026\/03\/IMG_6339-Mejorado-NR-scaled.jpg\"><img loading=\"lazy\" decoding=\"async\" class=\"aligncenter wp-image-2731 size-full\" src=\"https:\/\/mindo.gob.ec\/pichincha\/wp-content\/uploads\/2026\/03\/IMG_6339-Mejorado-NR-scaled.jpg\" alt=\"\" width=\"2560\" height=\"1707\" srcset=\"https:\/\/mindo.gob.ec\/pichincha\/wp-content\/uploads\/2026\/03\/IMG_6339-Mejorado-NR-scaled.jpg 2560w, https:\/\/mindo.gob.ec\/pichincha\/wp-content\/uploads\/2026\/03\/IMG_6339-Mejorado-NR-550x367.jpg 550w, https:\/\/mindo.gob.ec\/pichincha\/wp-content\/uploads\/2026\/03\/IMG_6339-Mejorado-NR-1024x683.jpg 1024w, https:\/\/mindo.gob.ec\/pichincha\/wp-content\/uploads\/2026\/03\/IMG_6339-Mejorado-NR-768x512.jpg 768w, https:\/\/mindo.gob.ec\/pichincha\/wp-content\/uploads\/2026\/03\/IMG_6339-Mejorado-NR-1536x1024.jpg 1536w, https:\/\/mindo.gob.ec\/pichincha\/wp-content\/uploads\/2026\/03\/IMG_6339-Mejorado-NR-2048x1365.jpg 2048w, https:\/\/mindo.gob.ec\/pichincha\/wp-content\/uploads\/2026\/03\/IMG_6339-Mejorado-NR-272x182.jpg 272w\" sizes=\"auto, (max-width: 2560px) 100vw, 2560px\" \/><\/a><\/div>\n<\/div>\n","protected":false},"excerpt":{"rendered":"<p>Visi\u00f3n Al 2030, el Gobierno Aut\u00f3nomo Descentralizado de la Parroquia Rural de Mindo, ser\u00e1 un territorio fortalecido en sus condiciones de desarrollo tur\u00edstico, artesanal productivo, seguro y resiliente y sostenible; con pol\u00edticas integradoras y custodios de nuestro bosque nublado y sus \u00e1reas naturales protegidas, donde todos los habitantes disfrutan de dignidad, igualdad e inclusi\u00f3n, prosperidad [&hellip;]<\/p>\n","protected":false},"author":4,"featured_media":0,"parent":0,"menu_order":0,"comment_status":"closed","ping_status":"closed","template":"","meta":{"footnotes":""},"class_list":["post-2611","page","type-page","status-publish","hentry","post"],"yoast_head":"<!-- This site is optimized with the Yoast SEO plugin v20.3 - https:\/\/yoast.com\/wordpress\/plugins\/seo\/ -->\n<title>Misi\u00f3n Visi\u00f3n Objetivos - GAD Parroquial de Mindo<\/title>\n<meta name=\"robots\" content=\"index, follow, max-snippet:-1, max-image-preview:large, max-video-preview:-1\" \/>\n<link rel=\"canonical\" href=\"https:\/\/mindo.gob.ec\/pichincha\/mision-vision-objetivos\/\" \/>\n<meta property=\"og:locale\" content=\"es_ES\" \/>\n<meta property=\"og:type\" content=\"article\" \/>\n<meta property=\"og:title\" content=\"Misi\u00f3n Visi\u00f3n Objetivos - GAD Parroquial de Mindo\" \/>\n<meta property=\"og:description\" content=\"Visi\u00f3n Al 2030, el Gobierno Aut\u00f3nomo Descentralizado de la Parroquia Rural de Mindo, ser\u00e1 un territorio fortalecido en sus condiciones de desarrollo tur\u00edstico, artesanal productivo, seguro y resiliente y sostenible; con pol\u00edticas integradoras y custodios de nuestro bosque nublado y sus \u00e1reas naturales protegidas, donde todos los habitantes disfrutan de dignidad, igualdad e inclusi\u00f3n, prosperidad [&hellip;]\" \/>\n<meta property=\"og:url\" content=\"https:\/\/mindo.gob.ec\/pichincha\/mision-vision-objetivos\/\" \/>\n<meta property=\"og:site_name\" content=\"GAD Parroquial de Mindo\" \/>\n<meta property=\"article:modified_time\" content=\"2026-03-03T21:17:16+00:00\" \/>\n<meta property=\"og:image\" content=\"https:\/\/mindo.gob.ec\/pichincha\/wp-content\/uploads\/2026\/03\/IMG_9230-Mejorado-NR.jpg\" \/>\n<meta name=\"twitter:card\" content=\"summary_large_image\" \/>\n<meta name=\"twitter:label1\" content=\"Tiempo de lectura\" \/>\n\t<meta name=\"twitter:data1\" content=\"2 minutos\" \/>\n<script type=\"application\/ld+json\" class=\"yoast-schema-graph\">{\"@context\":\"https:\/\/schema.org\",\"@graph\":[{\"@type\":\"WebPage\",\"@id\":\"https:\/\/mindo.gob.ec\/pichincha\/mision-vision-objetivos\/\",\"url\":\"https:\/\/mindo.gob.ec\/pichincha\/mision-vision-objetivos\/\",\"name\":\"Misi\u00f3n Visi\u00f3n Objetivos - GAD Parroquial de Mindo\",\"isPartOf\":{\"@id\":\"https:\/\/mindo.gob.ec\/pichincha\/#website\"},\"datePublished\":\"2025-10-28T14:11:41+00:00\",\"dateModified\":\"2026-03-03T21:17:16+00:00\",\"breadcrumb\":{\"@id\":\"https:\/\/mindo.gob.ec\/pichincha\/mision-vision-objetivos\/#breadcrumb\"},\"inLanguage\":\"es\",\"potentialAction\":[{\"@type\":\"ReadAction\",\"target\":[\"https:\/\/mindo.gob.ec\/pichincha\/mision-vision-objetivos\/\"]}]},{\"@type\":\"BreadcrumbList\",\"@id\":\"https:\/\/mindo.gob.ec\/pichincha\/mision-vision-objetivos\/#breadcrumb\",\"itemListElement\":[{\"@type\":\"ListItem\",\"position\":1,\"name\":\"Home\",\"item\":\"https:\/\/mindo.gob.ec\/pichincha\/\"},{\"@type\":\"ListItem\",\"position\":2,\"name\":\"Misi\u00f3n Visi\u00f3n Objetivos\"}]},{\"@type\":\"WebSite\",\"@id\":\"https:\/\/mindo.gob.ec\/pichincha\/#website\",\"url\":\"https:\/\/mindo.gob.ec\/pichincha\/\",\"name\":\"GAD Parroquial de Mindo\",\"description\":\"Sitio Oficial del GAD Mindo\",\"publisher\":{\"@id\":\"https:\/\/mindo.gob.ec\/pichincha\/#organization\"},\"potentialAction\":[{\"@type\":\"SearchAction\",\"target\":{\"@type\":\"EntryPoint\",\"urlTemplate\":\"https:\/\/mindo.gob.ec\/pichincha\/?s={search_term_string}\"},\"query-input\":\"required name=search_term_string\"}],\"inLanguage\":\"es\"},{\"@type\":\"Organization\",\"@id\":\"https:\/\/mindo.gob.ec\/pichincha\/#organization\",\"name\":\"GAD Parroquial de Mindo\",\"url\":\"https:\/\/mindo.gob.ec\/pichincha\/\",\"logo\":{\"@type\":\"ImageObject\",\"inLanguage\":\"es\",\"@id\":\"https:\/\/mindo.gob.ec\/pichincha\/#\/schema\/logo\/image\/\",\"url\":\"https:\/\/mindo.gob.ec\/pichincha\/wp-content\/uploads\/2020\/06\/82518307_162686865005447_4669087998640390144_o.jpg\",\"contentUrl\":\"https:\/\/mindo.gob.ec\/pichincha\/wp-content\/uploads\/2020\/06\/82518307_162686865005447_4669087998640390144_o.jpg\",\"width\":960,\"height\":960,\"caption\":\"GAD Parroquial de Mindo\"},\"image\":{\"@id\":\"https:\/\/mindo.gob.ec\/pichincha\/#\/schema\/logo\/image\/\"}}]}<\/script>\n<!-- \/ Yoast SEO plugin. -->","yoast_head_json":{"title":"Misi\u00f3n Visi\u00f3n Objetivos - GAD Parroquial de Mindo","robots":{"index":"index","follow":"follow","max-snippet":"max-snippet:-1","max-image-preview":"max-image-preview:large","max-video-preview":"max-video-preview:-1"},"canonical":"https:\/\/mindo.gob.ec\/pichincha\/mision-vision-objetivos\/","og_locale":"es_ES","og_type":"article","og_title":"Misi\u00f3n Visi\u00f3n Objetivos - GAD Parroquial de Mindo","og_description":"Visi\u00f3n Al 2030, el Gobierno Aut\u00f3nomo Descentralizado de la Parroquia Rural de Mindo, ser\u00e1 un territorio fortalecido en sus condiciones de desarrollo tur\u00edstico, artesanal productivo, seguro y resiliente y sostenible; con pol\u00edticas integradoras y custodios de nuestro bosque nublado y sus \u00e1reas naturales protegidas, donde todos los habitantes disfrutan de dignidad, igualdad e inclusi\u00f3n, prosperidad [&hellip;]","og_url":"https:\/\/mindo.gob.ec\/pichincha\/mision-vision-objetivos\/","og_site_name":"GAD Parroquial de Mindo","article_modified_time":"2026-03-03T21:17:16+00:00","og_image":[{"url":"https:\/\/mindo.gob.ec\/pichincha\/wp-content\/uploads\/2026\/03\/IMG_9230-Mejorado-NR.jpg"}],"twitter_card":"summary_large_image","twitter_misc":{"Tiempo de lectura":"2 minutos"},"schema":{"@context":"https:\/\/schema.org","@graph":[{"@type":"WebPage","@id":"https:\/\/mindo.gob.ec\/pichincha\/mision-vision-objetivos\/","url":"https:\/\/mindo.gob.ec\/pichincha\/mision-vision-objetivos\/","name":"Misi\u00f3n Visi\u00f3n Objetivos - GAD Parroquial de Mindo","isPartOf":{"@id":"https:\/\/mindo.gob.ec\/pichincha\/#website"},"datePublished":"2025-10-28T14:11:41+00:00","dateModified":"2026-03-03T21:17:16+00:00","breadcrumb":{"@id":"https:\/\/mindo.gob.ec\/pichincha\/mision-vision-objetivos\/#breadcrumb"},"inLanguage":"es","potentialAction":[{"@type":"ReadAction","target":["https:\/\/mindo.gob.ec\/pichincha\/mision-vision-objetivos\/"]}]},{"@type":"BreadcrumbList","@id":"https:\/\/mindo.gob.ec\/pichincha\/mision-vision-objetivos\/#breadcrumb","itemListElement":[{"@type":"ListItem","position":1,"name":"Home","item":"https:\/\/mindo.gob.ec\/pichincha\/"},{"@type":"ListItem","position":2,"name":"Misi\u00f3n Visi\u00f3n Objetivos"}]},{"@type":"WebSite","@id":"https:\/\/mindo.gob.ec\/pichincha\/#website","url":"https:\/\/mindo.gob.ec\/pichincha\/","name":"GAD Parroquial de Mindo","description":"Sitio Oficial del GAD Mindo","publisher":{"@id":"https:\/\/mindo.gob.ec\/pichincha\/#organization"},"potentialAction":[{"@type":"SearchAction","target":{"@type":"EntryPoint","urlTemplate":"https:\/\/mindo.gob.ec\/pichincha\/?s={search_term_string}"},"query-input":"required name=search_term_string"}],"inLanguage":"es"},{"@type":"Organization","@id":"https:\/\/mindo.gob.ec\/pichincha\/#organization","name":"GAD Parroquial de Mindo","url":"https:\/\/mindo.gob.ec\/pichincha\/","logo":{"@type":"ImageObject","inLanguage":"es","@id":"https:\/\/mindo.gob.ec\/pichincha\/#\/schema\/logo\/image\/","url":"https:\/\/mindo.gob.ec\/pichincha\/wp-content\/uploads\/2020\/06\/82518307_162686865005447_4669087998640390144_o.jpg","contentUrl":"https:\/\/mindo.gob.ec\/pichincha\/wp-content\/uploads\/2020\/06\/82518307_162686865005447_4669087998640390144_o.jpg","width":960,"height":960,"caption":"GAD Parroquial de Mindo"},"image":{"@id":"https:\/\/mindo.gob.ec\/pichincha\/#\/schema\/logo\/image\/"}}]}},"_links":{"self":[{"href":"https:\/\/mindo.gob.ec\/pichincha\/wp-json\/wp\/v2\/pages\/2611","targetHints":{"allow":["GET"]}}],"collection":[{"href":"https:\/\/mindo.gob.ec\/pichincha\/wp-json\/wp\/v2\/pages"}],"about":[{"href":"https:\/\/mindo.gob.ec\/pichincha\/wp-json\/wp\/v2\/types\/page"}],"author":[{"embeddable":true,"href":"https:\/\/mindo.gob.ec\/pichincha\/wp-json\/wp\/v2\/users\/4"}],"replies":[{"embeddable":true,"href":"https:\/\/mindo.gob.ec\/pichincha\/wp-json\/wp\/v2\/comments?post=2611"}],"version-history":[{"count":20,"href":"https:\/\/mindo.gob.ec\/pichincha\/wp-json\/wp\/v2\/pages\/2611\/revisions"}],"predecessor-version":[{"id":2732,"href":"https:\/\/mindo.gob.ec\/pichincha\/wp-json\/wp\/v2\/pages\/2611\/revisions\/2732"}],"wp:attachment":[{"href":"https:\/\/mindo.gob.ec\/pichincha\/wp-json\/wp\/v2\/media?parent=2611"}],"curies":[{"name":"wp","href":"https:\/\/api.w.org\/{rel}","templated":true}]}}